{"id":2,"date":"2023-10-03T10:32:51","date_gmt":"2023-10-03T10:32:51","guid":{"rendered":"https:\/\/web4.rkinformatika.net\/berttifotografos\/?page_id=2"},"modified":"2023-12-18T11:29:48","modified_gmt":"2023-12-18T11:29:48","slug":"inicio","status":"publish","type":"page","link":"https:\/\/berttiserviciosculturales.com\/eu\/","title":{"rendered":"Hasiera"},"content":{"rendered":"\t\t<div data-elementor-type=\"wp-page\" data-elementor-id=\"2\" class=\"elementor elementor-2\" data-elementor-post-type=\"page\">\n\t\t\t\t\t\t<section class=\"elementor-section elementor-top-section elementor-element elementor-element-e0823d4 elementor-section-boxed elementor-section-height-default elementor-section-height-default\" data-id=\"e0823d4\" data-element_type=\"section\" data-e-type=\"section\" data-settings=\"{&quot;background_background&quot;:&quot;slideshow&quot;,&quot;background_slideshow_gallery&quot;:[{&quot;id&quot;:1026,&quot;url&quot;:&quot;https:\\\/\\\/berttiserviciosculturales.com\\\/wp-content\\\/uploads\\\/2023\\\/12\\\/WhatsApp-Image-2023-12-14-at-09.22.24.jpeg&quot;}],&quot;background_slideshow_ken_burns&quot;:&quot;yes&quot;,&quot;shape_divider_bottom&quot;:&quot;mountains&quot;,&quot;background_slideshow_loop&quot;:&quot;yes&quot;,&quot;background_slideshow_slide_duration&quot;:5000,&quot;background_slideshow_slide_transition&quot;:&quot;fade&quot;,&quot;background_slideshow_transition_duration&quot;:500,&quot;background_slideshow_ken_burns_zoom_direction&quot;:&quot;in&quot;}\">\n\t\t\t\t\t\t\t<div class=\"elementor-background-overlay\"><\/div>\n\t\t\t\t\t\t<div class=\"elementor-shape elementor-shape-bottom\" aria-hidden=\"true\" data-negative=\"false\">\n\t\t\t<svg xmlns=\"http:\/\/www.w3.org\/2000\/svg\" viewBox=\"0 0 1000 100\" preserveAspectRatio=\"none\">\n\t<path class=\"elementor-shape-fill\" opacity=\"0.33\" d=\"M473,67.3c-203.9,88.3-263.1-34-320.3,0C66,119.1,0,59.7,0,59.7V0h1000v59.7 c0,0-62.1,26.1-94.9,29.3c-32.8,3.3-62.8-12.3-75.8-22.1C806,49.6,745.3,8.7,694.9,4.7S492.4,59,473,67.3z\"\/>\n\t<path class=\"elementor-shape-fill\" opacity=\"0.66\" d=\"M734,67.3c-45.5,0-77.2-23.2-129.1-39.1c-28.6-8.7-150.3-10.1-254,39.1 s-91.7-34.4-149.2,0C115.7,118.3,0,39.8,0,39.8V0h1000v36.5c0,0-28.2-18.5-92.1-18.5C810.2,18.1,775.7,67.3,734,67.3z\"\/>\n\t<path class=\"elementor-shape-fill\" d=\"M766.1,28.9c-200-57.5-266,65.5-395.1,19.5C242,1.8,242,5.4,184.8,20.6C128,35.8,132.3,44.9,89.9,52.5C28.6,63.7,0,0,0,0 h1000c0,0-9.9,40.9-83.6,48.1S829.6,47,766.1,28.9z\"\/>\n<\/svg>\t\t<\/div>\n\t\t\t\t\t<div class=\"elementor-container elementor-column-gap-no\">\n\t\t\t\t\t<div class=\"elementor-column elementor-col-100 elementor-top-column elementor-element elementor-element-60deff5\" data-id=\"60deff5\" data-element_type=\"column\" data-e-type=\"column\">\n\t\t\t<div class=\"elementor-widget-wrap elementor-element-populated\">\n\t\t\t\t\t\t<div class=\"elementor-element elementor-element-c673a08 elementor-widget elementor-widget-heading\" data-id=\"c673a08\" data-element_type=\"widget\" data-e-type=\"widget\" data-widget_type=\"heading.default\">\n\t\t\t\t<div class=\"elementor-widget-container\">\n\t\t\t\t\t<h2 class=\"elementor-heading-title elementor-size-default\">Fotograf\u00eda y docencia del mismo sector<\/h2>\t\t\t\t<\/div>\n\t\t\t\t<\/div>\n\t\t\t\t\t<\/div>\n\t\t<\/div>\n\t\t\t\t\t<\/div>\n\t\t<\/section>\n\t\t\t\t<section class=\"elementor-section elementor-top-section elementor-element elementor-element-f4ba02f elementor-reverse-mobile elementor-section-boxed elementor-section-height-default elementor-section-height-default\" data-id=\"f4ba02f\" data-element_type=\"section\" data-e-type=\"section\" data-settings=\"{&quot;shape_divider_bottom&quot;:&quot;opacity-tilt&quot;}\">\n\t\t\t\t\t<div class=\"elementor-shape elementor-shape-bottom\" aria-hidden=\"true\" data-negative=\"false\">\n\t\t\t<svg xmlns=\"http:\/\/www.w3.org\/2000\/svg\" viewBox=\"0 0 2600 131.1\" preserveAspectRatio=\"none\">\n\t<path class=\"elementor-shape-fill\" d=\"M0 0L2600 0 2600 69.1 0 0z\"\/>\n\t<path class=\"elementor-shape-fill\" style=\"opacity:0.5\" d=\"M0 0L2600 0 2600 69.1 0 69.1z\"\/>\n\t<path class=\"elementor-shape-fill\" style=\"opacity:0.25\" d=\"M2600 0L0 0 0 130.1 2600 69.1z\"\/>\n<\/svg>\t\t<\/div>\n\t\t\t\t\t<div class=\"elementor-container elementor-column-gap-default\">\n\t\t\t\t\t<div class=\"elementor-column elementor-col-50 elementor-top-column elementor-element elementor-element-ce88bf6\" data-id=\"ce88bf6\" data-element_type=\"column\" data-e-type=\"column\" data-settings=\"{&quot;background_background&quot;:&quot;classic&quot;}\">\n\t\t\t<div class=\"elementor-widget-wrap elementor-element-populated\">\n\t\t\t\t\t<div class=\"elementor-background-overlay\"><\/div>\n\t\t\t\t\t\t<div class=\"elementor-element elementor-element-7d82688 elementor-widget elementor-widget-heading\" data-id=\"7d82688\" data-element_type=\"widget\" data-e-type=\"widget\" data-widget_type=\"heading.default\">\n\t\t\t\t<div class=\"elementor-widget-container\">\n\t\t\t\t\t<h2 class=\"elementor-heading-title elementor-size-default\">Curr\u00edculum<\/h2>\t\t\t\t<\/div>\n\t\t\t\t<\/div>\n\t\t\t\t<div class=\"elementor-element elementor-element-88467e7 elementor-widget elementor-widget-text-editor\" data-id=\"88467e7\" data-element_type=\"widget\" data-e-type=\"widget\" data-widget_type=\"text-editor.default\">\n\t\t\t\t<div class=\"elementor-widget-container\">\n\t\t\t\t\t\t\t\t\t<p>Segunda generaci\u00f3n en la profesi\u00f3n de fot\u00f3grafo y dedicado a la misma desde los 17 a\u00f1os de forma vocacional y profesional, Edilberto Miguel Carrasco le ofrece un servicio de m\u00e1xima calidad y dedicaci\u00f3n creado desde 1979. Participante en distinguidos congresos y calificaciones de la Federaci\u00f3n Espa\u00f1ola de Fotograf\u00eda, ha sido ganador del Premio Kodak a la mejor fotograf\u00eda de boda en el a\u00f1o 2000 y finalista en los a\u00f1os 2001, 2002, 2003 y 2005 en fotograf\u00eda tanto de estudio como de boda.<\/p><p>Ha ocupado la presidencia de la Asociaci\u00f3n de Fot\u00f3grafos de Vizcaya desde el a\u00f1o 2000 hasta el 2007 comprometi\u00e9ndose a incentivar el avance de la profesi\u00f3n. En el a\u00f1o 2007 particip\u00f3 como ponente en el congreso \u201cEl futuro de la fotograf\u00eda\u201d de Foto Ventas, en el cual, se trataron temas de reactivaci\u00f3n del sector.<\/p><p>Adem\u00e1s, ha realizado diversas exposiciones fotogr\u00e1ficas como \u201cPortugalete, sin ir m\u00e1s lejos\u201d (2012) en el Centro Cultural Santa Clara de Portugalete o \u00abBizkaia: Los or\u00edgenes del hoy\u00bb (2016) en Bidegain Aretoa de Getxo; entre otras.<\/p><p>Actualmente, en un momento de plenitud profesional, compagina su labor como fot\u00f3grafo de estudio y paisaje con la formaci\u00f3n a trav\u00e9s de la impartici\u00f3n de cursos y talleres de fotograf\u00eda, Photoshop, impresi\u00f3n y encuadernaci\u00f3n para instituciones y en su propio estudio siempre con la creencia en la presentaci\u00f3n de un trabajo serio y riguroso.<\/p>\t\t\t\t\t\t\t\t<\/div>\n\t\t\t\t<\/div>\n\t\t\t\t<div class=\"elementor-element elementor-element-7d33fdb elementor-widget elementor-widget-spacer\" data-id=\"7d33fdb\" data-element_type=\"widget\" data-e-type=\"widget\" data-widget_type=\"spacer.default\">\n\t\t\t\t<div class=\"elementor-widget-container\">\n\t\t\t\t\t\t\t<div class=\"elementor-spacer\">\n\t\t\t<div class=\"elementor-spacer-inner\"><\/div>\n\t\t<\/div>\n\t\t\t\t\t\t<\/div>\n\t\t\t\t<\/div>\n\t\t\t\t\t<\/div>\n\t\t<\/div>\n\t\t\t\t<div class=\"elementor-column elementor-col-50 elementor-top-column elementor-element elementor-element-cadff73\" data-id=\"cadff73\" data-element_type=\"column\" data-e-type=\"column\">\n\t\t\t<div class=\"elementor-widget-wrap elementor-element-populated\">\n\t\t\t\t\t\t<div class=\"elementor-element elementor-element-a6890c2 elementor-widget elementor-widget-image\" data-id=\"a6890c2\" data-element_type=\"widget\" data-e-type=\"widget\" data-widget_type=\"image.default\">\n\t\t\t\t<div class=\"elementor-widget-container\">\n\t\t\t\t\t\t\t\t\t\t\t\t\t\t\t<img fetchpriority=\"high\" decoding=\"async\" width=\"1300\" height=\"2100\" src=\"https:\/\/berttiserviciosculturales.com\/wp-content\/uploads\/2023\/10\/fotografo.jpg\" class=\"attachment-full size-full wp-image-138\" alt=\"\" srcset=\"https:\/\/berttiserviciosculturales.com\/wp-content\/uploads\/2023\/10\/fotografo.jpg 1300w, https:\/\/berttiserviciosculturales.com\/wp-content\/uploads\/2023\/10\/fotografo-186x300.jpg 186w, https:\/\/berttiserviciosculturales.com\/wp-content\/uploads\/2023\/10\/fotografo-634x1024.jpg 634w, https:\/\/berttiserviciosculturales.com\/wp-content\/uploads\/2023\/10\/fotografo-768x1241.jpg 768w, https:\/\/berttiserviciosculturales.com\/wp-content\/uploads\/2023\/10\/fotografo-951x1536.jpg 951w, https:\/\/berttiserviciosculturales.com\/wp-content\/uploads\/2023\/10\/fotografo-1268x2048.jpg 1268w, https:\/\/berttiserviciosculturales.com\/wp-content\/uploads\/2023\/10\/fotografo-7x12.jpg 7w\" sizes=\"(max-width: 1300px) 100vw, 1300px\" \/>\t\t\t\t\t\t\t\t\t\t\t\t\t\t\t<\/div>\n\t\t\t\t<\/div>\n\t\t\t\t\t<\/div>\n\t\t<\/div>\n\t\t\t\t\t<\/div>\n\t\t<\/section>\n\t\t<div class=\"elementor-element elementor-element-a4f3d79 e-flex e-con-boxed e-con e-parent\" data-id=\"a4f3d79\" data-element_type=\"container\" data-e-type=\"container\" data-settings=\"{&quot;background_background&quot;:&quot;classic&quot;}\">\n\t\t\t\t\t<div class=\"e-con-inner\">\n\t\t\t\t<div class=\"elementor-element elementor-element-c30603f elementor-widget elementor-widget-heading\" data-id=\"c30603f\" data-element_type=\"widget\" data-e-type=\"widget\" data-widget_type=\"heading.default\">\n\t\t\t\t<div class=\"elementor-widget-container\">\n\t\t\t\t\t<h2 class=\"elementor-heading-title elementor-size-default\">\u00a1Para reservar tu obra!<\/h2>\t\t\t\t<\/div>\n\t\t\t\t<\/div>\n\t\t\t\t<div class=\"elementor-element elementor-element-ef7a7d5 elementor-align-center elementor-widget__width-auto elementor-widget elementor-widget-button\" data-id=\"ef7a7d5\" data-element_type=\"widget\" data-e-type=\"widget\" data-widget_type=\"button.default\">\n\t\t\t\t<div class=\"elementor-widget-container\">\n\t\t\t\t\t\t\t\t\t<div class=\"elementor-button-wrapper\">\n\t\t\t\t\t<a class=\"elementor-button elementor-button-link elementor-size-sm\" href=\"https:\/\/berttiserviciosculturales.com\/contactos\/\">\n\t\t\t\t\t\t<span class=\"elementor-button-content-wrapper\">\n\t\t\t\t\t\t\t\t\t<span class=\"elementor-button-text\">Cont\u00e1ctenos<\/span>\n\t\t\t\t\t<\/span>\n\t\t\t\t\t<\/a>\n\t\t\t\t<\/div>\n\t\t\t\t\t\t\t\t<\/div>\n\t\t\t\t<\/div>\n\t\t\t\t\t<\/div>\n\t\t\t\t<\/div>\n\t\t\t\t<\/div>\n\t\t","protected":false},"excerpt":{"rendered":"<p>Fotograf\u00eda y docencia del mismo sector Curr\u00edculum Segunda generaci\u00f3n en la profesi\u00f3n de fot\u00f3grafo y dedicado a la misma desde los 17 a\u00f1os de forma vocacional y profesional, Edilberto Miguel Carrasco le ofrece un servicio de m\u00e1xima calidad y dedicaci\u00f3n creado desde 1979. Participante en distinguidos congresos y calificaciones de la Federaci\u00f3n Espa\u00f1ola de Fotograf\u00eda, [&hellip;]<\/p>\n","protected":false},"author":1,"featured_media":0,"parent":0,"menu_order":0,"comment_status":"closed","ping_status":"closed","template":"elementor_canvas","meta":{"footnotes":""},"class_list":["post-2","page","type-page","status-publish","hentry"],"yoast_head":"<!-- This site is optimized with the Yoast SEO plugin v27.5 - https:\/\/yoast.com\/product\/yoast-seo-wordpress\/ -->\n<title>Inicio - Bertti Servicio Culturales<\/title>\n<meta name=\"robots\" content=\"index, follow, max-snippet:-1, max-image-preview:large, max-video-preview:-1\" \/>\n<link rel=\"canonical\" href=\"https:\/\/berttiserviciosculturales.com\/eu\/\" \/>\n<meta property=\"og:locale\" content=\"en_US\" \/>\n<meta property=\"og:type\" content=\"article\" \/>\n<meta property=\"og:title\" content=\"Inicio - Bertti Servicio Culturales\" \/>\n<meta property=\"og:description\" content=\"Fotograf\u00eda y docencia del mismo sector Curr\u00edculum Segunda generaci\u00f3n en la profesi\u00f3n de fot\u00f3grafo y dedicado a la misma desde los 17 a\u00f1os de forma vocacional y profesional, Edilberto Miguel Carrasco le ofrece un servicio de m\u00e1xima calidad y dedicaci\u00f3n creado desde 1979. Participante en distinguidos congresos y calificaciones de la Federaci\u00f3n Espa\u00f1ola de Fotograf\u00eda, [&hellip;]\" \/>\n<meta property=\"og:url\" content=\"https:\/\/berttiserviciosculturales.com\/eu\/\" \/>\n<meta property=\"og:site_name\" content=\"Bertti Servicio Culturales\" \/>\n<meta property=\"article:modified_time\" content=\"2023-12-18T11:29:48+00:00\" \/>\n<meta property=\"og:image\" content=\"https:\/\/berttiserviciosculturales.com\/wp-content\/uploads\/2023\/10\/fotografo.jpg\" \/>\n<meta name=\"twitter:card\" content=\"summary_large_image\" \/>\n<meta name=\"twitter:label1\" content=\"Est. reading time\" \/>\n\t<meta name=\"twitter:data1\" content=\"1 minutua\" \/>\n<script type=\"application\/ld+json\" class=\"yoast-schema-graph\">{\"@context\":\"https:\\\/\\\/schema.org\",\"@graph\":[{\"@type\":\"WebPage\",\"@id\":\"https:\\\/\\\/berttiserviciosculturales.com\\\/\",\"url\":\"https:\\\/\\\/berttiserviciosculturales.com\\\/\",\"name\":\"Inicio - Bertti Servicio Culturales\",\"isPartOf\":{\"@id\":\"https:\\\/\\\/berttiserviciosculturales.com\\\/#website\"},\"primaryImageOfPage\":{\"@id\":\"https:\\\/\\\/berttiserviciosculturales.com\\\/#primaryimage\"},\"image\":{\"@id\":\"https:\\\/\\\/berttiserviciosculturales.com\\\/#primaryimage\"},\"thumbnailUrl\":\"https:\\\/\\\/berttiserviciosculturales.com\\\/wp-content\\\/uploads\\\/2023\\\/10\\\/fotografo.jpg\",\"datePublished\":\"2023-10-03T10:32:51+00:00\",\"dateModified\":\"2023-12-18T11:29:48+00:00\",\"breadcrumb\":{\"@id\":\"https:\\\/\\\/berttiserviciosculturales.com\\\/#breadcrumb\"},\"inLanguage\":\"eu\",\"potentialAction\":[{\"@type\":\"ReadAction\",\"target\":[\"https:\\\/\\\/berttiserviciosculturales.com\\\/\"]}]},{\"@type\":\"ImageObject\",\"inLanguage\":\"eu\",\"@id\":\"https:\\\/\\\/berttiserviciosculturales.com\\\/#primaryimage\",\"url\":\"https:\\\/\\\/berttiserviciosculturales.com\\\/wp-content\\\/uploads\\\/2023\\\/10\\\/fotografo.jpg\",\"contentUrl\":\"https:\\\/\\\/berttiserviciosculturales.com\\\/wp-content\\\/uploads\\\/2023\\\/10\\\/fotografo.jpg\"},{\"@type\":\"BreadcrumbList\",\"@id\":\"https:\\\/\\\/berttiserviciosculturales.com\\\/#breadcrumb\",\"itemListElement\":[{\"@type\":\"ListItem\",\"position\":1,\"name\":\"Portada\",\"item\":\"https:\\\/\\\/berttiserviciosculturales.com\\\/\"},{\"@type\":\"ListItem\",\"position\":2,\"name\":\"Inicio\"}]},{\"@type\":\"WebSite\",\"@id\":\"https:\\\/\\\/berttiserviciosculturales.com\\\/#website\",\"url\":\"https:\\\/\\\/berttiserviciosculturales.com\\\/\",\"name\":\"Bertti Servicio Culturales\",\"description\":\"\",\"potentialAction\":[{\"@type\":\"SearchAction\",\"target\":{\"@type\":\"EntryPoint\",\"urlTemplate\":\"https:\\\/\\\/berttiserviciosculturales.com\\\/?s={search_term_string}\"},\"query-input\":{\"@type\":\"PropertyValueSpecification\",\"valueRequired\":true,\"valueName\":\"search_term_string\"}}],\"inLanguage\":\"eu\"}]}<\/script>\n<!-- \/ Yoast SEO plugin. -->","yoast_head_json":{"title":"Inicio - Bertti Servicio Culturales","robots":{"index":"index","follow":"follow","max-snippet":"max-snippet:-1","max-image-preview":"max-image-preview:large","max-video-preview":"max-video-preview:-1"},"canonical":"https:\/\/berttiserviciosculturales.com\/eu\/","og_locale":"en_US","og_type":"article","og_title":"Inicio - Bertti Servicio Culturales","og_description":"Fotograf\u00eda y docencia del mismo sector Curr\u00edculum Segunda generaci\u00f3n en la profesi\u00f3n de fot\u00f3grafo y dedicado a la misma desde los 17 a\u00f1os de forma vocacional y profesional, Edilberto Miguel Carrasco le ofrece un servicio de m\u00e1xima calidad y dedicaci\u00f3n creado desde 1979. Participante en distinguidos congresos y calificaciones de la Federaci\u00f3n Espa\u00f1ola de Fotograf\u00eda, [&hellip;]","og_url":"https:\/\/berttiserviciosculturales.com\/eu\/","og_site_name":"Bertti Servicio Culturales","article_modified_time":"2023-12-18T11:29:48+00:00","og_image":[{"url":"https:\/\/berttiserviciosculturales.com\/wp-content\/uploads\/2023\/10\/fotografo.jpg","type":"","width":"","height":""}],"twitter_card":"summary_large_image","twitter_misc":{"Est. reading time":"1 minutua"},"schema":{"@context":"https:\/\/schema.org","@graph":[{"@type":"WebPage","@id":"https:\/\/berttiserviciosculturales.com\/","url":"https:\/\/berttiserviciosculturales.com\/","name":"Inicio - Bertti Servicio Culturales","isPartOf":{"@id":"https:\/\/berttiserviciosculturales.com\/#website"},"primaryImageOfPage":{"@id":"https:\/\/berttiserviciosculturales.com\/#primaryimage"},"image":{"@id":"https:\/\/berttiserviciosculturales.com\/#primaryimage"},"thumbnailUrl":"https:\/\/berttiserviciosculturales.com\/wp-content\/uploads\/2023\/10\/fotografo.jpg","datePublished":"2023-10-03T10:32:51+00:00","dateModified":"2023-12-18T11:29:48+00:00","breadcrumb":{"@id":"https:\/\/berttiserviciosculturales.com\/#breadcrumb"},"inLanguage":"eu","potentialAction":[{"@type":"ReadAction","target":["https:\/\/berttiserviciosculturales.com\/"]}]},{"@type":"ImageObject","inLanguage":"eu","@id":"https:\/\/berttiserviciosculturales.com\/#primaryimage","url":"https:\/\/berttiserviciosculturales.com\/wp-content\/uploads\/2023\/10\/fotografo.jpg","contentUrl":"https:\/\/berttiserviciosculturales.com\/wp-content\/uploads\/2023\/10\/fotografo.jpg"},{"@type":"BreadcrumbList","@id":"https:\/\/berttiserviciosculturales.com\/#breadcrumb","itemListElement":[{"@type":"ListItem","position":1,"name":"Portada","item":"https:\/\/berttiserviciosculturales.com\/"},{"@type":"ListItem","position":2,"name":"Inicio"}]},{"@type":"WebSite","@id":"https:\/\/berttiserviciosculturales.com\/#website","url":"https:\/\/berttiserviciosculturales.com\/","name":"Bertti Servicio Culturales","description":"","potentialAction":[{"@type":"SearchAction","target":{"@type":"EntryPoint","urlTemplate":"https:\/\/berttiserviciosculturales.com\/?s={search_term_string}"},"query-input":{"@type":"PropertyValueSpecification","valueRequired":true,"valueName":"search_term_string"}}],"inLanguage":"eu"}]}},"_links":{"self":[{"href":"https:\/\/berttiserviciosculturales.com\/eu\/wp-json\/wp\/v2\/pages\/2","targetHints":{"allow":["GET"]}}],"collection":[{"href":"https:\/\/berttiserviciosculturales.com\/eu\/wp-json\/wp\/v2\/pages"}],"about":[{"href":"https:\/\/berttiserviciosculturales.com\/eu\/wp-json\/wp\/v2\/types\/page"}],"author":[{"embeddable":true,"href":"https:\/\/berttiserviciosculturales.com\/eu\/wp-json\/wp\/v2\/users\/1"}],"replies":[{"embeddable":true,"href":"https:\/\/berttiserviciosculturales.com\/eu\/wp-json\/wp\/v2\/comments?post=2"}],"version-history":[{"count":127,"href":"https:\/\/berttiserviciosculturales.com\/eu\/wp-json\/wp\/v2\/pages\/2\/revisions"}],"predecessor-version":[{"id":1153,"href":"https:\/\/berttiserviciosculturales.com\/eu\/wp-json\/wp\/v2\/pages\/2\/revisions\/1153"}],"wp:attachment":[{"href":"https:\/\/berttiserviciosculturales.com\/eu\/wp-json\/wp\/v2\/media?parent=2"}],"curies":[{"name":"wp","href":"https:\/\/api.w.org\/{rel}","templated":true}]}}